{"id":716,"date":"2014-02-16T23:24:25","date_gmt":"2014-02-16T23:24:25","guid":{"rendered":"http:\/\/abucaman.org\/trastornos-5\/prevencion"},"modified":"2021-01-16T18:14:49","modified_gmt":"2021-01-16T18:14:49","slug":"prevencion","status":"publish","type":"page","link":"https:\/\/abucaman.org\/?page_id=716","title":{"rendered":"Prevenci\u00f3n"},"content":{"rendered":"<p><a href=\"https:\/\/abucaman.org\/wp-content\/uploads\/2021\/01\/prevencion.jpg\"><img loading=\"lazy\" decoding=\"async\" class=\" wp-image-1561 alignleft\" src=\"https:\/\/abucaman.org\/wp-content\/uploads\/2021\/01\/prevencion-300x148.jpg\" alt=\"\" width=\"320\" height=\"158\" srcset=\"https:\/\/abucaman.org\/wp-content\/uploads\/2021\/01\/prevencion-300x148.jpg 300w, https:\/\/abucaman.org\/wp-content\/uploads\/2021\/01\/prevencion.jpg 320w\" sizes=\"auto, (max-width: 320px) 100vw, 320px\" \/><\/a><\/p>\n<p style=\"text-align: center;\"><a href=\"http:\/\/www.dailymotion.com\/video\/x1dmyvl_trastornos-de-conducta-alimentaria-trastornos-de-la-conducta-alimentaria_people\" target=\"_blank\" rel=\"noopener\">Trastornos De Conducta Alimentaria &#8211; Trastornos&#8230;<\/a>\u00a0<i>por\u00a0<a href=\"http:\/\/www.dailymotion.com\/resamor\" target=\"_blank\" rel=\"noopener\">resamor<\/a><\/i><\/p>\n<p>La enorme importancia dada por casi todos los autores a la influencia de los factores socioculturales debe hacer tomar una postura reflexiva al respecto y plantear la posibilidad de programas de prevenci\u00f3n dirigidos a estos trastornos.<\/p>\n<p><span style=\"line-height: 1.5em;\">Conviene evitar el mito de considerar los TCA en especial, \u00a0la anorexia nerviosa como una enfermedad de moda, lo que podr\u00eda hacerla atractiva a algunas adolescentes.<\/span><\/p>\n<p>Los fen\u00f3menos de imitaci\u00f3n son frecuentes en estas edades. Las adolescentes buscan sus modelos de comportamiento en las otras chicas, primero en las m\u00e1s cercanas, luego en las que aparecen en las series de la televisi\u00f3n, los anuncios y en las famosas. Por eso puede resultar peligroso y nocivo dar publicidad sensacionalista sobre estos trastornos, porque puede actuar como un verdadero semillero de nuevos casos.<\/p>\n<p>El dar informaci\u00f3n debe ir acompa\u00f1ada de estrategias que faciliten un cambio de actitudes.<\/p>\n<p>Otro de los riesgos, al intentar prevenir, es el de alertar tanto que se produzca el efecto de p\u00e1nico, de terminar viendo el problema en todas partes, a\u00fan en conductas triviales, pasajeras, propias de una determinada edad y exentas de toda gravedad.<\/p>\n<p>La dificultad para introducir cambios en la influencia del contexto sociocultural no supone que no haya que luchar por ello, defendiendo otros valores que contribuyan realmente al desarrollo de la personalidad de los\/as j\u00f3venes.<\/p>\n<p>El abordaje preventivo y asistencial de los TCA (es recomendable la lectura del documento editado por el Ministerio de Sanidad y Consumo titulado: \u201c <em>La alimentaci\u00f3n y el desarrollo emocional, prevenci\u00f3n de los trastornos de la alimentaci\u00f3n<\/em>\u201d), puede ser integrado en el esquema tradicional en que se contemplan la prevenci\u00f3n primaria, secundaria y terciaria.<\/p>\n<p>El papel de <strong> la prevenci\u00f3n primaria<\/strong> radica en la acci\u00f3n directa para la reducci\u00f3n de la incidencia, es decir, prevenir la aparici\u00f3n de nuevos casos anuales, lo que se efectuar\u00e1 a trav\u00e9s de actuaciones encaminadas a la poblaci\u00f3n general y a los grupos de riesgo o m\u00e1s vulnerables a padecer un TCA.<\/p>\n<p><strong>La prevenci\u00f3n secundaria<\/strong> tiene el objetivo de reducir el tiempo de duraci\u00f3n del trastorno y el tiempo de demora entre el debut y el inicio de tratamiento.<\/p>\n<p>Finalmente,<strong> la prevenci\u00f3n terciaria<\/strong> es cada vez m\u00e1s necesaria para paliar y reducir las consecuencias del trastorno cuando se cronifica y las expectativas de una remisi\u00f3n son nulas. En este sentido, se pretende evitar la aparici\u00f3n de complicaciones m\u00e1s severas del curso cr\u00f3nico de la enfermedad y mejorar la calidad de vida.<\/p>\n<p>Otra forma de paliar estos trastornos, es abordarlos de forma preventiva<strong> desde las familias<\/strong> y\/o <strong>centros educativos<\/strong>, nos podemos preguntar de que forma:<\/p>\n<p><strong style=\"line-height: 1.5em;\">Desde las Familias:<\/strong><\/p>\n<p><img loading=\"lazy\" decoding=\"async\" class=\"aligncenter\" src=\"https:\/\/encrypted-tbn3.gstatic.com\/images?q=tbn:ANd9GcRV__mR3AVHK2corO_aXmcL8tfXTseW6iWSUra8WV5yVnXk3M-3\" alt=\"\" width=\"275\" height=\"183\" \/><\/p>\n<div id=\"divPrevencion\">\n<ul>\n<li>Construye la autoestima de tus hijos. An\u00edmales a descubrir sus posibilidades, pero no te pases el d\u00eda dici\u00e9ndoles lo mejores que podr\u00edan ser.<\/li>\n<li>Acepta a tus hijos sin tener en cuenta para nada su peso. Deben de saber que el cuerpo de cada persona es \u00fanico y valioso. Acepta tu propio cuerpo primero para ser convincente.<\/li>\n<li>Ense\u00f1a a tus hijos a comunicarse con firmeza. Sus hijos han de ser fuertes para enfrentarse a las enormes presiones sobre el aspecto fisco que provienen de la gente de su edad, los medios de comunicaci\u00f3n y de muchos adultos.<\/li>\n<\/ul>\n<p>Lo que quiere decir:<\/p>\n<ul>\n<li style=\"list-style-type: none;\">\n<ul>\n<li>Favorecer la expresi\u00f3n de sentimientos sin inhibirlos y desde el YO ME SIENTO, YO QUIERO, YO NECESITO, YO DESEO.<\/li>\n<li>Evitar que asuman sentimientos que no son suyos<\/li>\n<li>Respetar su intimidad.<\/li>\n<li>No inhibir su desarrollo.<\/li>\n<\/ul>\n<\/li>\n<li>No castiguen o premien a sus hijos con comida, ni siquiera cuando son peque\u00f1os.<\/li>\n<li>No les limites la comida a menos que su m\u00e9dico diga otra cosa.<\/li>\n<li>Ens\u00e9\u00f1ales en casa a comer una dieta variada y equilibrada.<\/li>\n<li>Coman juntos en familia al menos una vez al d\u00eda y vivan la comida como momento de encuentro y conversaci\u00f3n.<\/li>\n<\/ul>\n<p><strong>Desde los centros educativos<\/strong>.<\/p>\n<p><span style=\"line-height: 1.5em;\"><img loading=\"lazy\" decoding=\"async\" class=\"alignnone\" src=\"http:\/\/famisite.es\/wp-content\/uploads\/2013\/09\/articulosencudaria1-517x224.jpg\" alt=\"\" width=\"517\" height=\"224\" \/><\/span><span style=\"line-height: 1.5em;\">Los profesores y orientadores, deber\u00edan estar atentos tambi\u00e9n a determinadas se\u00f1ales de alerta en el aula por ejemplo:<\/span><strong style=\"line-height: 1.5em;\">\u00a0<\/strong><\/p>\n<ul style=\"list-style-type: circle;\">\n<li><span style=\"text-decoration: underline;\">EN CUANTO AL ASPECTO F\u00cdSICO<\/span>:<\/li>\n<li>El adolescente evita ponerse ropa ajustada y mostrar partes de su cuerpo cuando es esperable en las circunstancias y estaci\u00f3n del a\u00f1o (clase de gimnasia, verano\u2026).<\/li>\n<li><span style=\"line-height: 1.5em;\">Hace comentarios despectivos respecto a su cuerpo<\/span><\/li>\n<li><span style=\"line-height: 1.5em;\">Suele llevar ropas anchas o jers\u00e9is atados al trasero.<\/span><\/li>\n<li><span style=\"text-decoration: underline;\">EN CUANTO AL RENDIMIENTO EN CLASE<\/span>:\n<ul>\n<li>Suele perder la atenci\u00f3n en clase<\/li>\n<li>Se observa que est\u00e1 m\u00e1s cansada que de costumbre, indica que se marea o incluso en alguna ocasi\u00f3n se ha desmayado.<\/li>\n<\/ul>\n<\/li>\n<li><span style=\"text-decoration: underline;\">EN CUANTO AL COMPORTAMIENTO EN EL COMEDOR<\/span>:\n<ul>\n<li>Puede saltarse la hora de la comida y quedarse en el recreo.<\/li>\n<li>Muestra signos de tensi\u00f3n durante la comida<\/li>\n<li>Se queja de que es demasiada comida o demasiado rica en calor\u00edas<\/li>\n<li>Come a un ritmo inferior o mayor al habitual<\/li>\n<li>Come menos de lo habitual.<\/li>\n<\/ul>\n<\/li>\n<li><span style=\"text-decoration: underline;\">EN CUANTO AL COMPORTAMIENTO EN EL RECREO<\/span>:\n<ul>\n<li>Pueden conversar frecuentemente sobre quien es la m\u00e1s delgada de la clase, sobre dietas o formas del cuerpo ideal.<\/li>\n<li>Se observa que ha sustituido de forma sistem\u00e1tica el bocadillo de media ma\u00f1ana por fruta.<\/li>\n<li>Con el fin de quemar calor\u00edas pueden realizar movimientos repetitivos sin finalidad, dar paseos sin detenerse, no sentarse\u2026<\/li>\n<\/ul>\n<\/li>\n<\/ul>\n<p><strong>\u00bfQU\u00c9 HACER ANTE LA SOSPECHA DE UN CASO DE ANOREXIA O BULIMIA EN EL AULA?<br \/>\n<\/strong><\/p>\n<ul>\n<li>En primer lugar compartir nuestras dudas con otros profesores de la alumna para contrastar nuestra opini\u00f3n.<\/li>\n<li>Si nuestras dudas se confirman, y con el objetivo de valorar la gravedad del problema, deberemos reunirnos con el tutor o el profesor que tenga m\u00e1s afinidad con ella.<\/li>\n<li>La persona que tenga m\u00e1s relaci\u00f3n con ella deber\u00e1 hablar con ella. Es necesario convencerla de que cuente el problema en casa si no son conscientes.<\/li>\n<li>Si no se atreve a hablar con sus padres, dicho profesor puede ayudarle a hacerlo.<\/li>\n<li>En caso de que plantee resistencias, es necesario hacerle ver la gravedad del asunto y a\u00fan en contra de su voluntad, el tutor tendr\u00e1 que hablar con sus padres y explicarles la situaci\u00f3n.<\/li>\n<li>Si los padres reh\u00fasan a hablar con el tutor, \u00e9ste podr\u00eda consultar a un especialista.<\/li>\n<\/ul>\n<p><strong>\u00bfC\u00d3MO ACTUAR EN EL AULA SI TENEMOS ALG\u00daN CASO DE ANOREXIA O BULIMIA?<br \/>\n<\/strong><\/p>\n<ul>\n<li>Si el alumno no est\u00e1 dispuesto a que lo sepan sus compa\u00f1eros no es conveniente hacer comentarios al respecto. Pero si es algo que se sabe, puede ser interesante abordarlo de forma natural.<\/li>\n<li>La mejor recomendaci\u00f3n es tratar al alumno de forma normal, evitando hablar del tema.<\/li>\n<li>Desde el punto de vista acad\u00e9mico es importante permitirle una cierta flexibilidad para que pueda recuperar ex\u00e1menes y acudir a las consultas m\u00e9dicas.<\/li>\n<li>Es importante estar atentos a las conductas de aislamiento que pueden ocurrir en la enfermedad.<\/li>\n<\/ul>\n<\/div>\n","protected":false},"excerpt":{"rendered":"<p>Trastornos De Conducta Alimentaria &#8211; Trastornos&#8230;\u00a0por\u00a0resamor La enorme importancia dada por casi todos los autores a la influencia de los<\/p>\n","protected":false},"author":1,"featured_media":0,"parent":705,"menu_order":22,"comment_status":"closed","ping_status":"open","template":"","meta":{"footnotes":""},"class_list":["post-716","page","type-page","status-publish","hentry","wpautop"],"yoast_head":"<!-- This site is optimized with the Yoast SEO plugin v21.5 - https:\/\/yoast.com\/wordpress\/plugins\/seo\/ -->\n<title>Prevenci\u00f3n - Siempre cerca de ti...<\/title>\n<meta name=\"robots\" content=\"index, follow, max-snippet:-1, max-image-preview:large, max-video-preview:-1\" \/>\n<link rel=\"canonical\" href=\"https:\/\/abucaman.org\/?page_id=716\" \/>\n<meta property=\"og:locale\" content=\"es_ES\" \/>\n<meta property=\"og:type\" content=\"article\" \/>\n<meta property=\"og:title\" content=\"Prevenci\u00f3n - Siempre cerca de ti...\" \/>\n<meta property=\"og:description\" content=\"Trastornos De Conducta Alimentaria &#8211; Trastornos&#8230;\u00a0por\u00a0resamor La enorme importancia dada por casi todos los autores a la influencia de los\" \/>\n<meta property=\"og:url\" content=\"https:\/\/abucaman.org\/?page_id=716\" \/>\n<meta property=\"og:site_name\" content=\"Siempre cerca de ti...\" \/>\n<meta property=\"article:modified_time\" content=\"2021-01-16T18:14:49+00:00\" \/>\n<meta property=\"og:image\" content=\"https:\/\/abucaman.org\/wp-content\/uploads\/2021\/01\/prevencion-300x148.jpg\" \/>\n<meta name=\"twitter:card\" content=\"summary_large_image\" \/>\n<meta name=\"twitter:label1\" content=\"Tiempo de lectura\" \/>\n\t<meta name=\"twitter:data1\" content=\"6 minutos\" \/>\n<script type=\"application\/ld+json\" class=\"yoast-schema-graph\">{\"@context\":\"https:\/\/schema.org\",\"@graph\":[{\"@type\":\"WebPage\",\"@id\":\"https:\/\/abucaman.org\/?page_id=716\",\"url\":\"https:\/\/abucaman.org\/?page_id=716\",\"name\":\"Prevenci\u00f3n - Siempre cerca de ti...\",\"isPartOf\":{\"@id\":\"https:\/\/abucaman.org\/#website\"},\"datePublished\":\"2014-02-16T23:24:25+00:00\",\"dateModified\":\"2021-01-16T18:14:49+00:00\",\"breadcrumb\":{\"@id\":\"https:\/\/abucaman.org\/?page_id=716#breadcrumb\"},\"inLanguage\":\"es\",\"potentialAction\":[{\"@type\":\"ReadAction\",\"target\":[\"https:\/\/abucaman.org\/?page_id=716\"]}]},{\"@type\":\"BreadcrumbList\",\"@id\":\"https:\/\/abucaman.org\/?page_id=716#breadcrumb\",\"itemListElement\":[{\"@type\":\"ListItem\",\"position\":1,\"name\":\"Portada\",\"item\":\"https:\/\/abucaman.org\/\"},{\"@type\":\"ListItem\",\"position\":2,\"name\":\"Trastornos\",\"item\":\"https:\/\/abucaman.org\/?page_id=705\"},{\"@type\":\"ListItem\",\"position\":3,\"name\":\"Prevenci\u00f3n\"}]},{\"@type\":\"WebSite\",\"@id\":\"https:\/\/abucaman.org\/#website\",\"url\":\"https:\/\/abucaman.org\/\",\"name\":\"Abucaman\",\"description\":\"\",\"publisher\":{\"@id\":\"https:\/\/abucaman.org\/#organization\"},\"potentialAction\":[{\"@type\":\"SearchAction\",\"target\":{\"@type\":\"EntryPoint\",\"urlTemplate\":\"https:\/\/abucaman.org\/?s={search_term_string}\"},\"query-input\":\"required name=search_term_string\"}],\"inLanguage\":\"es\"},{\"@type\":\"Organization\",\"@id\":\"https:\/\/abucaman.org\/#organization\",\"name\":\"abucaman\",\"url\":\"https:\/\/abucaman.org\/\",\"logo\":{\"@type\":\"ImageObject\",\"inLanguage\":\"es\",\"@id\":\"https:\/\/abucaman.org\/#\/schema\/logo\/image\/\",\"url\":\"https:\/\/abucaman.org\/wp-content\/uploads\/2014\/03\/Logo-abucaman-2-png.png\",\"contentUrl\":\"https:\/\/abucaman.org\/wp-content\/uploads\/2014\/03\/Logo-abucaman-2-png.png\",\"width\":560,\"height\":420,\"caption\":\"abucaman\"},\"image\":{\"@id\":\"https:\/\/abucaman.org\/#\/schema\/logo\/image\/\"}}]}<\/script>\n<!-- \/ Yoast SEO plugin. -->","yoast_head_json":{"title":"Prevenci\u00f3n - Siempre cerca de ti...","robots":{"index":"index","follow":"follow","max-snippet":"max-snippet:-1","max-image-preview":"max-image-preview:large","max-video-preview":"max-video-preview:-1"},"canonical":"https:\/\/abucaman.org\/?page_id=716","og_locale":"es_ES","og_type":"article","og_title":"Prevenci\u00f3n - Siempre cerca de ti...","og_description":"Trastornos De Conducta Alimentaria &#8211; Trastornos&#8230;\u00a0por\u00a0resamor La enorme importancia dada por casi todos los autores a la influencia de los","og_url":"https:\/\/abucaman.org\/?page_id=716","og_site_name":"Siempre cerca de ti...","article_modified_time":"2021-01-16T18:14:49+00:00","og_image":[{"url":"https:\/\/abucaman.org\/wp-content\/uploads\/2021\/01\/prevencion-300x148.jpg"}],"twitter_card":"summary_large_image","twitter_misc":{"Tiempo de lectura":"6 minutos"},"schema":{"@context":"https:\/\/schema.org","@graph":[{"@type":"WebPage","@id":"https:\/\/abucaman.org\/?page_id=716","url":"https:\/\/abucaman.org\/?page_id=716","name":"Prevenci\u00f3n - Siempre cerca de ti...","isPartOf":{"@id":"https:\/\/abucaman.org\/#website"},"datePublished":"2014-02-16T23:24:25+00:00","dateModified":"2021-01-16T18:14:49+00:00","breadcrumb":{"@id":"https:\/\/abucaman.org\/?page_id=716#breadcrumb"},"inLanguage":"es","potentialAction":[{"@type":"ReadAction","target":["https:\/\/abucaman.org\/?page_id=716"]}]},{"@type":"BreadcrumbList","@id":"https:\/\/abucaman.org\/?page_id=716#breadcrumb","itemListElement":[{"@type":"ListItem","position":1,"name":"Portada","item":"https:\/\/abucaman.org\/"},{"@type":"ListItem","position":2,"name":"Trastornos","item":"https:\/\/abucaman.org\/?page_id=705"},{"@type":"ListItem","position":3,"name":"Prevenci\u00f3n"}]},{"@type":"WebSite","@id":"https:\/\/abucaman.org\/#website","url":"https:\/\/abucaman.org\/","name":"Abucaman","description":"","publisher":{"@id":"https:\/\/abucaman.org\/#organization"},"potentialAction":[{"@type":"SearchAction","target":{"@type":"EntryPoint","urlTemplate":"https:\/\/abucaman.org\/?s={search_term_string}"},"query-input":"required name=search_term_string"}],"inLanguage":"es"},{"@type":"Organization","@id":"https:\/\/abucaman.org\/#organization","name":"abucaman","url":"https:\/\/abucaman.org\/","logo":{"@type":"ImageObject","inLanguage":"es","@id":"https:\/\/abucaman.org\/#\/schema\/logo\/image\/","url":"https:\/\/abucaman.org\/wp-content\/uploads\/2014\/03\/Logo-abucaman-2-png.png","contentUrl":"https:\/\/abucaman.org\/wp-content\/uploads\/2014\/03\/Logo-abucaman-2-png.png","width":560,"height":420,"caption":"abucaman"},"image":{"@id":"https:\/\/abucaman.org\/#\/schema\/logo\/image\/"}}]}},"_links":{"self":[{"href":"https:\/\/abucaman.org\/index.php?rest_route=\/wp\/v2\/pages\/716","targetHints":{"allow":["GET"]}}],"collection":[{"href":"https:\/\/abucaman.org\/index.php?rest_route=\/wp\/v2\/pages"}],"about":[{"href":"https:\/\/abucaman.org\/index.php?rest_route=\/wp\/v2\/types\/page"}],"author":[{"embeddable":true,"href":"https:\/\/abucaman.org\/index.php?rest_route=\/wp\/v2\/users\/1"}],"replies":[{"embeddable":true,"href":"https:\/\/abucaman.org\/index.php?rest_route=%2Fwp%2Fv2%2Fcomments&post=716"}],"version-history":[{"count":2,"href":"https:\/\/abucaman.org\/index.php?rest_route=\/wp\/v2\/pages\/716\/revisions"}],"predecessor-version":[{"id":1564,"href":"https:\/\/abucaman.org\/index.php?rest_route=\/wp\/v2\/pages\/716\/revisions\/1564"}],"up":[{"embeddable":true,"href":"https:\/\/abucaman.org\/index.php?rest_route=\/wp\/v2\/pages\/705"}],"wp:attachment":[{"href":"https:\/\/abucaman.org\/index.php?rest_route=%2Fwp%2Fv2%2Fmedia&parent=716"}],"curies":[{"name":"wp","href":"https:\/\/api.w.org\/{rel}","templated":true}]}}