{"id":701,"date":"2014-02-16T23:24:10","date_gmt":"2014-02-16T23:24:10","guid":{"rendered":"http:\/\/abucaman.org\/abucaman-5\/que-ofrecemos"},"modified":"2021-01-16T18:16:27","modified_gmt":"2021-01-16T18:16:27","slug":"que-ofrecemos","status":"publish","type":"page","link":"https:\/\/abucaman.org\/?page_id=701","title":{"rendered":"\u00bf Qu\u00e9 ofrecemos ?"},"content":{"rendered":"<h6><strong>ASESORAMIENTO PSICOL\u00d3GICO<a href=\"http:\/\/abucaman.org\/wp-content\/uploads\/2014\/02\/psicologo.jpg\"><img loading=\"lazy\" decoding=\"async\" class=\" wp-image-868 alignright\" src=\"http:\/\/abucaman.org\/wp-content\/uploads\/2014\/02\/psicologo-300x260.jpg\" alt=\"psicologo\" width=\"210\" height=\"182\" srcset=\"https:\/\/abucaman.org\/wp-content\/uploads\/2014\/02\/psicologo-300x260.jpg 300w, https:\/\/abucaman.org\/wp-content\/uploads\/2014\/02\/psicologo.jpg 618w\" sizes=\"auto, (max-width: 210px) 100vw, 210px\" \/><\/a><\/strong><\/h6>\n<p style=\"text-align: justify;\"><i style=\"line-height: 1.5em;\">A<\/i><i style=\"line-height: 1.5em;\">poyo y ase<\/i><i style=\"line-height: 1.5em;\">s<\/i><i style=\"line-height: 1.5em;\">oramiento psicol\u00f3gico a familiares y enfermos, recibiendo informaci\u00f3n sobre la enfermedad y sobre los centros donde pueden dirigirse para tratarla. Tambi\u00e9n, recibiendo orientaciones sobre c\u00f3mo convivir con esta<\/i><i style=\"line-height: 1.5em;\">\u00a0e<\/i><i style=\"line-height: 1.5em;\">nfermedad y c<\/i><i style=\"line-height: 1.5em;\">\u00f3mo poder hacerlo de la mejor manera posible.<\/i><\/p>\n<h6><img loading=\"lazy\" decoding=\"async\" class=\"wp-image-869 alignleft\" src=\"http:\/\/abucaman.org\/wp-content\/uploads\/2014\/02\/nutricionista.jpeg\" alt=\"nutricionista\" width=\"162\" height=\"153\" \/><b>ASESORAMIENTO NUTRICIONAL<\/b><\/h6>\n<p style=\"text-align: justify;\"><i>Esta atenci\u00f3<\/i><i>n especializada, tiene diversas utilidades y recursos sobre la alimentaci\u00f3n y la nutrici\u00f3n. La especialista, trabajar\u00e1 con los familiares y enfermos\u00a0 para dar a conocer la rueda de los alimentos y orientar sobre c\u00e1lculos individuales y la necesidad de nutrientes seg\u00fan caracter\u00edsticas y circunstancias personales.<\/i><\/p>\n<p><i>\u00a0\u00a0 <b>\u00a0<\/b><\/i><b><i>Los objetivos<\/i><\/b><i> que se persiguen son:\u00a0<\/i><\/p>\n<ul>\n<li>Facilitar o complementar la formaci\u00f3n\u00a0 sobre los alimentos y la alimentaci\u00f3n y sus repercusiones en el organismo humano, en definitiva la nutrici\u00f3n con un enfoque global e integrador.<\/li>\n<li>Conocer las herramientas necesarias para evaluar los h\u00e1bitos alimentarios.<\/li>\n<li>Proponer t\u00e9cnicas, estrategias y modelos de intervenci\u00f3n nutricional en las situaciones fisiol\u00f3gicas especiales y en las patolog\u00edas m\u00e1s prevalentes o relacionadas con la alimentaci\u00f3n.<\/li>\n<li>Identificar los elementos que ayudan a mejorar la nutrici\u00f3n, los tipos de dietas y a entender problemas cotidianos de la alimentaci\u00f3n<\/li>\n<\/ul>\n<h6 style=\"text-align: justify;\"><b>T<\/b><b>ERAPIA OCUPACIONAL<\/b><\/h6>\n<h6 style=\"text-align: justify;\"><a href=\"http:\/\/abucaman.org\/wp-content\/uploads\/2014\/02\/DSC_0388.jpg\"><img loading=\"lazy\" decoding=\"async\" class=\"alignleft  wp-image-879\" src=\"http:\/\/abucaman.org\/wp-content\/uploads\/2014\/02\/DSC_0388-300x168.jpg\" alt=\"DSC_0388\" width=\"249\" height=\"139\" srcset=\"https:\/\/abucaman.org\/wp-content\/uploads\/2014\/02\/DSC_0388-300x168.jpg 300w, https:\/\/abucaman.org\/wp-content\/uploads\/2014\/02\/DSC_0388-1024x576.jpg 1024w\" sizes=\"auto, (max-width: 249px) 100vw, 249px\" \/><\/a><\/h6>\n<p style=\"text-align: justify;\">Abarcan a un\u00a0 conjunto de t\u00e9cnicas, m\u00e9todos y actuaciones que de forma regular se llevan a cabo a trav\u00e9s de diversas actividades con fines terap\u00e9uticos. Abucaman, realiza talleres\u00a0 de pintura y manualidades diversas para familires y enfermos.<\/p>\n<h6 style=\"text-align: right;\"><\/h6>\n<h6 style=\"text-align: right;\"><b>TERAPIAS G<\/b><b>RUPALES PARA F<\/b><b>AMILIARES<\/b><\/h6>\n<p style=\"text-align: justify;\">Abucaman, en base a la de manda de ayuda que pueda darse, 0rganiza bajo la coordinaci\u00f3n y\u00a0 supervisi\u00f3n de profesionales (psic\u00f3logos) terapias grupales de ayuda frente a los TCA.<\/p>\n<h6 style=\"text-align: right;\"><a href=\"http:\/\/abucaman.org\/wp-content\/uploads\/2014\/02\/terapia_de_grupo.jpg\"><img loading=\"lazy\" decoding=\"async\" class=\"wp-image-880\" src=\"http:\/\/abucaman.org\/wp-content\/uploads\/2014\/02\/terapia_de_grupo-300x199.jpg\" alt=\"terapia_de_grupo\" width=\"275\" height=\"182\" srcset=\"https:\/\/abucaman.org\/wp-content\/uploads\/2014\/02\/terapia_de_grupo-300x199.jpg 300w, https:\/\/abucaman.org\/wp-content\/uploads\/2014\/02\/terapia_de_grupo.jpg 425w\" sizes=\"auto, (max-width: 275px) 100vw, 275px\" \/><\/a><\/h6>\n<h6 style=\"text-align: left;\"><\/h6>\n<h6 style=\"text-align: left;\"><b>PROGRAMAS Y TALLERES DE PREVENCI\u00d3N, SENSIBILICIACI\u00d3N Y CONCIENCIACI\u00d3N.<br \/>\n<\/b><\/h6>\n<p style=\"text-align: justify;\"><a href=\"http:\/\/abucaman.org\/wp-content\/uploads\/2014\/02\/DSC09109.jpg\"><img loading=\"lazy\" decoding=\"async\" class=\"alignleft  wp-image-827\" src=\"http:\/\/abucaman.org\/wp-content\/uploads\/2014\/02\/DSC09109-300x200.jpg\" alt=\"DSC09109\" width=\"279\" height=\"185\" srcset=\"https:\/\/abucaman.org\/wp-content\/uploads\/2014\/02\/DSC09109-300x200.jpg 300w, https:\/\/abucaman.org\/wp-content\/uploads\/2014\/02\/DSC09109-1024x682.jpg 1024w\" sizes=\"auto, (max-width: 279px) 100vw, 279px\" \/><\/a>Estos programas organizados por Abucaman y mediante acuerdo suscrito con la Consejeria de Sanidad y Bienestar Social asi como la Consejeria de Educaci\u00f3n, son especificos y dirigidos hacia la poblaci\u00f3n m\u00e1s vulnerable es decir, los ni\u00f1os en los colegios p\u00fablicos de la JCCM. Estos programas tienen como objetivo, informar y prevenir mediante <strong>talleres de asertividad<\/strong> los trastornos de la conducta alimentaria. Tambi\u00e9n, se organizan <strong>charlas y seminarios<\/strong> monogr\u00e1ficos de informaci\u00f3n, sensibilizaci\u00f3n y concienciaci\u00f3n de los TCA, dirigidos fundamentalmente a padres y profesionales de la rama sanitaria.<\/p>\n","protected":false},"excerpt":{"rendered":"<p>ASESORAMIENTO PSICOL\u00d3GICO Apoyo y asesoramiento psicol\u00f3gico a familiares y enfermos, recibiendo informaci\u00f3n sobre la enfermedad y sobre los centros donde<\/p>\n","protected":false},"author":1,"featured_media":0,"parent":697,"menu_order":7,"comment_status":"closed","ping_status":"open","template":"","meta":{"footnotes":""},"class_list":["post-701","page","type-page","status-publish","hentry","wpautop"],"yoast_head":"<!-- This site is optimized with the Yoast SEO plugin v21.5 - https:\/\/yoast.com\/wordpress\/plugins\/seo\/ -->\n<title>\u00bf Qu\u00e9 ofrecemos ? - Siempre cerca de ti...<\/title>\n<meta name=\"robots\" content=\"index, follow, max-snippet:-1, max-image-preview:large, max-video-preview:-1\" \/>\n<link rel=\"canonical\" href=\"https:\/\/abucaman.org\/?page_id=701\" \/>\n<meta property=\"og:locale\" content=\"es_ES\" \/>\n<meta property=\"og:type\" content=\"article\" \/>\n<meta property=\"og:title\" content=\"\u00bf Qu\u00e9 ofrecemos ? - Siempre cerca de ti...\" \/>\n<meta property=\"og:description\" content=\"ASESORAMIENTO PSICOL\u00d3GICO Apoyo y asesoramiento psicol\u00f3gico a familiares y enfermos, recibiendo informaci\u00f3n sobre la enfermedad y sobre los centros donde\" \/>\n<meta property=\"og:url\" content=\"https:\/\/abucaman.org\/?page_id=701\" \/>\n<meta property=\"og:site_name\" content=\"Siempre cerca de ti...\" \/>\n<meta property=\"article:modified_time\" content=\"2021-01-16T18:16:27+00:00\" \/>\n<meta property=\"og:image\" content=\"http:\/\/abucaman.org\/wp-content\/uploads\/2014\/02\/psicologo-300x260.jpg\" \/>\n<meta name=\"twitter:card\" content=\"summary_large_image\" \/>\n<meta name=\"twitter:label1\" content=\"Tiempo de lectura\" \/>\n\t<meta name=\"twitter:data1\" content=\"3 minutos\" \/>\n<script type=\"application\/ld+json\" class=\"yoast-schema-graph\">{\"@context\":\"https:\/\/schema.org\",\"@graph\":[{\"@type\":\"WebPage\",\"@id\":\"https:\/\/abucaman.org\/?page_id=701\",\"url\":\"https:\/\/abucaman.org\/?page_id=701\",\"name\":\"\u00bf Qu\u00e9 ofrecemos ? - Siempre cerca de ti...\",\"isPartOf\":{\"@id\":\"https:\/\/abucaman.org\/#website\"},\"datePublished\":\"2014-02-16T23:24:10+00:00\",\"dateModified\":\"2021-01-16T18:16:27+00:00\",\"breadcrumb\":{\"@id\":\"https:\/\/abucaman.org\/?page_id=701#breadcrumb\"},\"inLanguage\":\"es\",\"potentialAction\":[{\"@type\":\"ReadAction\",\"target\":[\"https:\/\/abucaman.org\/?page_id=701\"]}]},{\"@type\":\"BreadcrumbList\",\"@id\":\"https:\/\/abucaman.org\/?page_id=701#breadcrumb\",\"itemListElement\":[{\"@type\":\"ListItem\",\"position\":1,\"name\":\"Portada\",\"item\":\"https:\/\/abucaman.org\/\"},{\"@type\":\"ListItem\",\"position\":2,\"name\":\"ABUCAMAN\",\"item\":\"https:\/\/abucaman.org\/?page_id=697\"},{\"@type\":\"ListItem\",\"position\":3,\"name\":\"\u00bf Qu\u00e9 ofrecemos ?\"}]},{\"@type\":\"WebSite\",\"@id\":\"https:\/\/abucaman.org\/#website\",\"url\":\"https:\/\/abucaman.org\/\",\"name\":\"Abucaman\",\"description\":\"\",\"publisher\":{\"@id\":\"https:\/\/abucaman.org\/#organization\"},\"potentialAction\":[{\"@type\":\"SearchAction\",\"target\":{\"@type\":\"EntryPoint\",\"urlTemplate\":\"https:\/\/abucaman.org\/?s={search_term_string}\"},\"query-input\":\"required name=search_term_string\"}],\"inLanguage\":\"es\"},{\"@type\":\"Organization\",\"@id\":\"https:\/\/abucaman.org\/#organization\",\"name\":\"abucaman\",\"url\":\"https:\/\/abucaman.org\/\",\"logo\":{\"@type\":\"ImageObject\",\"inLanguage\":\"es\",\"@id\":\"https:\/\/abucaman.org\/#\/schema\/logo\/image\/\",\"url\":\"https:\/\/abucaman.org\/wp-content\/uploads\/2014\/03\/Logo-abucaman-2-png.png\",\"contentUrl\":\"https:\/\/abucaman.org\/wp-content\/uploads\/2014\/03\/Logo-abucaman-2-png.png\",\"width\":560,\"height\":420,\"caption\":\"abucaman\"},\"image\":{\"@id\":\"https:\/\/abucaman.org\/#\/schema\/logo\/image\/\"}}]}<\/script>\n<!-- \/ Yoast SEO plugin. -->","yoast_head_json":{"title":"\u00bf Qu\u00e9 ofrecemos ? - Siempre cerca de ti...","robots":{"index":"index","follow":"follow","max-snippet":"max-snippet:-1","max-image-preview":"max-image-preview:large","max-video-preview":"max-video-preview:-1"},"canonical":"https:\/\/abucaman.org\/?page_id=701","og_locale":"es_ES","og_type":"article","og_title":"\u00bf Qu\u00e9 ofrecemos ? - Siempre cerca de ti...","og_description":"ASESORAMIENTO PSICOL\u00d3GICO Apoyo y asesoramiento psicol\u00f3gico a familiares y enfermos, recibiendo informaci\u00f3n sobre la enfermedad y sobre los centros donde","og_url":"https:\/\/abucaman.org\/?page_id=701","og_site_name":"Siempre cerca de ti...","article_modified_time":"2021-01-16T18:16:27+00:00","og_image":[{"url":"http:\/\/abucaman.org\/wp-content\/uploads\/2014\/02\/psicologo-300x260.jpg"}],"twitter_card":"summary_large_image","twitter_misc":{"Tiempo de lectura":"3 minutos"},"schema":{"@context":"https:\/\/schema.org","@graph":[{"@type":"WebPage","@id":"https:\/\/abucaman.org\/?page_id=701","url":"https:\/\/abucaman.org\/?page_id=701","name":"\u00bf Qu\u00e9 ofrecemos ? - Siempre cerca de ti...","isPartOf":{"@id":"https:\/\/abucaman.org\/#website"},"datePublished":"2014-02-16T23:24:10+00:00","dateModified":"2021-01-16T18:16:27+00:00","breadcrumb":{"@id":"https:\/\/abucaman.org\/?page_id=701#breadcrumb"},"inLanguage":"es","potentialAction":[{"@type":"ReadAction","target":["https:\/\/abucaman.org\/?page_id=701"]}]},{"@type":"BreadcrumbList","@id":"https:\/\/abucaman.org\/?page_id=701#breadcrumb","itemListElement":[{"@type":"ListItem","position":1,"name":"Portada","item":"https:\/\/abucaman.org\/"},{"@type":"ListItem","position":2,"name":"ABUCAMAN","item":"https:\/\/abucaman.org\/?page_id=697"},{"@type":"ListItem","position":3,"name":"\u00bf Qu\u00e9 ofrecemos ?"}]},{"@type":"WebSite","@id":"https:\/\/abucaman.org\/#website","url":"https:\/\/abucaman.org\/","name":"Abucaman","description":"","publisher":{"@id":"https:\/\/abucaman.org\/#organization"},"potentialAction":[{"@type":"SearchAction","target":{"@type":"EntryPoint","urlTemplate":"https:\/\/abucaman.org\/?s={search_term_string}"},"query-input":"required name=search_term_string"}],"inLanguage":"es"},{"@type":"Organization","@id":"https:\/\/abucaman.org\/#organization","name":"abucaman","url":"https:\/\/abucaman.org\/","logo":{"@type":"ImageObject","inLanguage":"es","@id":"https:\/\/abucaman.org\/#\/schema\/logo\/image\/","url":"https:\/\/abucaman.org\/wp-content\/uploads\/2014\/03\/Logo-abucaman-2-png.png","contentUrl":"https:\/\/abucaman.org\/wp-content\/uploads\/2014\/03\/Logo-abucaman-2-png.png","width":560,"height":420,"caption":"abucaman"},"image":{"@id":"https:\/\/abucaman.org\/#\/schema\/logo\/image\/"}}]}},"_links":{"self":[{"href":"https:\/\/abucaman.org\/index.php?rest_route=\/wp\/v2\/pages\/701","targetHints":{"allow":["GET"]}}],"collection":[{"href":"https:\/\/abucaman.org\/index.php?rest_route=\/wp\/v2\/pages"}],"about":[{"href":"https:\/\/abucaman.org\/index.php?rest_route=\/wp\/v2\/types\/page"}],"author":[{"embeddable":true,"href":"https:\/\/abucaman.org\/index.php?rest_route=\/wp\/v2\/users\/1"}],"replies":[{"embeddable":true,"href":"https:\/\/abucaman.org\/index.php?rest_route=%2Fwp%2Fv2%2Fcomments&post=701"}],"version-history":[{"count":2,"href":"https:\/\/abucaman.org\/index.php?rest_route=\/wp\/v2\/pages\/701\/revisions"}],"predecessor-version":[{"id":1566,"href":"https:\/\/abucaman.org\/index.php?rest_route=\/wp\/v2\/pages\/701\/revisions\/1566"}],"up":[{"embeddable":true,"href":"https:\/\/abucaman.org\/index.php?rest_route=\/wp\/v2\/pages\/697"}],"wp:attachment":[{"href":"https:\/\/abucaman.org\/index.php?rest_route=%2Fwp%2Fv2%2Fmedia&parent=701"}],"curies":[{"name":"wp","href":"https:\/\/api.w.org\/{rel}","templated":true}]}}