{"id":1453,"date":"2018-11-25T21:39:19","date_gmt":"2018-11-25T21:39:19","guid":{"rendered":"http:\/\/abucaman.org\/?page_id=1453"},"modified":"2018-12-02T23:35:30","modified_gmt":"2018-12-02T23:35:30","slug":"actualidad","status":"publish","type":"page","link":"https:\/\/abucaman.org\/","title":{"rendered":"Actualidad"},"content":{"rendered":"\t<div class=\"wpspw-slider-wrp \">\r\n\t\t<div id=\"wpspw-slider-1\" class=\"sp_wpspwpost_slider wpspw-design-1\">\r\n\r\n\t\t\t<div class=\"wpspw-post-slides\">\r\n\t<div class=\"wpspw-post-content-position\">\r\n\t\t<div class=\"wpspw-post-content-left wpspw-medium-8 wpspw-columns\">\r\n\t\t\t\t\t\t\t<div class=\"wpspw-post-categories\"><a href=\"https:\/\/abucaman.org\/?cat=1\">ACTUALIDAD<\/a><\/div>\r\n\t\t\t\r\n\t\t\t<h2 class=\"wpspw-post-title\">\r\n\t\t\t\t<a href=\"https:\/\/abucaman.org\/?p=1533\">Alimentaci\u00f3n saludable en tiempos de Coronavirus<\/a>\r\n\t\t\t<\/h2>\r\n\r\n\t\t\t\t\t\t\t<div class=\"wpspw-post-date\">\r\n\t\t\t\t\t<span>By <a href=\"https:\/\/abucaman.org\/?author=1\">abucaman<\/a><\/span>&nbsp;\/&nbsp;29 mayo, 2020\t\t\t\t<\/div>\r\n\t\t\t\t\t\t\t<div class=\"wpspw-post-content\">\r\n\t\t\t\t\t<div>Debido a la situaci\u00f3n vivida en el estado de Emergencia , provocado por la pandemia , nos hemos visto obligados...<\/div>\r\n\t\t\t\t\t<a class=\"wpspw-readmorebtn\" href=\"https:\/\/abucaman.org\/?p=1533\">Read More<\/a>\r\n\t\t\t\t<\/div>\r\n\t\t\t\t\t<\/div>\r\n\r\n\t\t<div class=\"wpspw-post-image-bg\">\r\n\t\t\t\t\t\t\t<a href=\"https:\/\/abucaman.org\/?p=1533\">\r\n\t\t\t\t\t<img decoding=\"async\"  src=\"https:\/\/abucaman.org\/wp-content\/uploads\/2020\/05\/alimentacion.jpg\" alt=\"Alimentaci\u00f3n saludable en tiempos de Coronavirus\" \/>\r\n\t\t\t\t<\/a>\r\n\t\t\t\t\t<\/div>\r\n\t<\/div>\r\n<\/div><div class=\"wpspw-post-slides\">\r\n\t<div class=\"wpspw-post-content-position\">\r\n\t\t<div class=\"wpspw-post-content-left wpspw-medium-8 wpspw-columns\">\r\n\t\t\t\t\t\t\t<div class=\"wpspw-post-categories\"><a href=\"https:\/\/abucaman.org\/?cat=1\">ACTUALIDAD<\/a><\/div>\r\n\t\t\t\r\n\t\t\t<h2 class=\"wpspw-post-title\">\r\n\t\t\t\t<a href=\"https:\/\/abucaman.org\/?p=1516\">Como influye internet en los TCM<\/a>\r\n\t\t\t<\/h2>\r\n\r\n\t\t\t\t\t\t\t<div class=\"wpspw-post-date\">\r\n\t\t\t\t\t<span>By <a href=\"https:\/\/abucaman.org\/?author=1\">abucaman<\/a><\/span>&nbsp;\/&nbsp;9 octubre, 2019\t\t\t\t<\/div>\r\n\t\t\t\t\t\t\t<div class=\"wpspw-post-content\">\r\n\t\t\t\t\t<div>Redes Sociales y sus peligros Apenas ten\u00eda 12 a\u00f1os cuando M\u00e9lodi y sus amigas se empe\u00f1aron en superar un reto:...<\/div>\r\n\t\t\t\t\t<a class=\"wpspw-readmorebtn\" href=\"https:\/\/abucaman.org\/?p=1516\">Read More<\/a>\r\n\t\t\t\t<\/div>\r\n\t\t\t\t\t<\/div>\r\n\r\n\t\t<div class=\"wpspw-post-image-bg\">\r\n\t\t\t\t\t\t\t<a href=\"https:\/\/abucaman.org\/?p=1516\">\r\n\t\t\t\t\t<img decoding=\"async\"  src=\"https:\/\/abucaman.org\/wp-content\/uploads\/2021\/01\/TCA_Redessociales_1200x480.jpg\" alt=\"Como influye internet en los TCM\" \/>\r\n\t\t\t\t<\/a>\r\n\t\t\t\t\t<\/div>\r\n\t<\/div>\r\n<\/div><div class=\"wpspw-post-slides\">\r\n\t<div class=\"wpspw-post-content-position\">\r\n\t\t<div class=\"wpspw-post-content-left wpspw-medium-8 wpspw-columns\">\r\n\t\t\t\t\t\t\t<div class=\"wpspw-post-categories\"><a href=\"https:\/\/abucaman.org\/?cat=21\">Convenios<\/a><\/div>\r\n\t\t\t\r\n\t\t\t<h2 class=\"wpspw-post-title\">\r\n\t\t\t\t<a href=\"https:\/\/abucaman.org\/?p=1483\">Proyecto  \u00abToledo Educa\u00bb 2017-18<\/a>\r\n\t\t\t<\/h2>\r\n\r\n\t\t\t\t\t\t\t<div class=\"wpspw-post-date\">\r\n\t\t\t\t\t<span>By <a href=\"https:\/\/abucaman.org\/?author=1\">abucaman<\/a><\/span>&nbsp;\/&nbsp;25 noviembre, 2018\t\t\t\t<\/div>\r\n\t\t\t\t\t\t\t<div class=\"wpspw-post-content\">\r\n\t\t\t\t\t<div>Abucaman participa en el programa de Toledo-Educa 2017-2018 del Excmo Ayuntamiento de Toledo a trav\u00e9s de la Concejal\u00eda de Bienestar...<\/div>\r\n\t\t\t\t\t<a class=\"wpspw-readmorebtn\" href=\"https:\/\/abucaman.org\/?p=1483\">Read More<\/a>\r\n\t\t\t\t<\/div>\r\n\t\t\t\t\t<\/div>\r\n\r\n\t\t<div class=\"wpspw-post-image-bg\">\r\n\t\t\t\t\t\t\t<a href=\"https:\/\/abucaman.org\/?p=1483\">\r\n\t\t\t\t\t<img decoding=\"async\"  src=\"https:\/\/abucaman.org\/wp-content\/uploads\/2014\/03\/TOLEDO-EDUCA.jpg\" alt=\"Proyecto  \u00abToledo Educa\u00bb 2017-18\" \/>\r\n\t\t\t\t<\/a>\r\n\t\t\t\t\t<\/div>\r\n\t<\/div>\r\n<\/div><div class=\"wpspw-post-slides\">\r\n\t<div class=\"wpspw-post-content-position\">\r\n\t\t<div class=\"wpspw-post-content-left wpspw-medium-8 wpspw-columns\">\r\n\t\t\t\t\t\t\t<div class=\"wpspw-post-categories\"><a href=\"https:\/\/abucaman.org\/?cat=21\">Convenios<\/a><\/div>\r\n\t\t\t\r\n\t\t\t<h2 class=\"wpspw-post-title\">\r\n\t\t\t\t<a href=\"https:\/\/abucaman.org\/?p=1480\">Campa\u00f1a Informativa Colegio Oficial de Farmacia<\/a>\r\n\t\t\t<\/h2>\r\n\r\n\t\t\t\t\t\t\t<div class=\"wpspw-post-date\">\r\n\t\t\t\t\t<span>By <a href=\"https:\/\/abucaman.org\/?author=1\">abucaman<\/a><\/span>&nbsp;\/&nbsp;25 noviembre, 2018\t\t\t\t<\/div>\r\n\t\t\t\t\t\t\t<div class=\"wpspw-post-content\">\r\n\t\t\t\t\t<div>El Colegio de Farmac\u00e9uticos de Toledo, en colaboraci\u00f3n con la\u00a0Asociaci\u00f3n de Familiares y Enfermos de los Trastornos de la Conducta...<\/div>\r\n\t\t\t\t\t<a class=\"wpspw-readmorebtn\" href=\"https:\/\/abucaman.org\/?p=1480\">Read More<\/a>\r\n\t\t\t\t<\/div>\r\n\t\t\t\t\t<\/div>\r\n\r\n\t\t<div class=\"wpspw-post-image-bg\">\r\n\t\t\t\t\t\t\t<a href=\"https:\/\/abucaman.org\/?p=1480\">\r\n\t\t\t\t\t<img decoding=\"async\"  src=\"https:\/\/abucaman.org\/wp-content\/uploads\/2014\/03\/campa\u00f1a-farmacia.jpg\" alt=\"Campa\u00f1a Informativa Colegio Oficial de Farmacia\" \/>\r\n\t\t\t\t<\/a>\r\n\t\t\t\t\t<\/div>\r\n\t<\/div>\r\n<\/div><div class=\"wpspw-post-slides\">\r\n\t<div class=\"wpspw-post-content-position\">\r\n\t\t<div class=\"wpspw-post-content-left wpspw-medium-8 wpspw-columns\">\r\n\t\t\t\t\t\t\t<div class=\"wpspw-post-categories\"><a href=\"https:\/\/abucaman.org\/?cat=16\">Entrevistas<\/a><\/div>\r\n\t\t\t\r\n\t\t\t<h2 class=\"wpspw-post-title\">\r\n\t\t\t\t<a href=\"https:\/\/abucaman.org\/?p=1072\">De nuevo el fantasma de la anorexia<\/a>\r\n\t\t\t<\/h2>\r\n\r\n\t\t\t\t\t\t\t<div class=\"wpspw-post-date\">\r\n\t\t\t\t\t<span>By <a href=\"https:\/\/abucaman.org\/?author=1\">abucaman<\/a><\/span>&nbsp;\/&nbsp;25 noviembre, 2018\t\t\t\t<\/div>\r\n\t\t\t\t\t\t\t<div class=\"wpspw-post-content\">\r\n\t\t\t\t\t<div>\u201c De nuevo el fantasma de la anorexia\u201d El fantasma de la anorexia sobrevuela otra vez la 45\u00aa edici\u00f3n de...<\/div>\r\n\t\t\t\t\t<a class=\"wpspw-readmorebtn\" href=\"https:\/\/abucaman.org\/?p=1072\">Read More<\/a>\r\n\t\t\t\t<\/div>\r\n\t\t\t\t\t<\/div>\r\n\r\n\t\t<div class=\"wpspw-post-image-bg\">\r\n\t\t\t\t\t\t\t<a href=\"https:\/\/abucaman.org\/?p=1072\">\r\n\t\t\t\t\t<img decoding=\"async\"  src=\"https:\/\/abucaman.org\/wp-content\/uploads\/2018\/11\/fan1.jpg\" alt=\"De nuevo el fantasma de la anorexia\" \/>\r\n\t\t\t\t<\/a>\r\n\t\t\t\t\t<\/div>\r\n\t<\/div>\r\n<\/div><div class=\"wpspw-post-slides\">\r\n\t<div class=\"wpspw-post-content-position\">\r\n\t\t<div class=\"wpspw-post-content-left wpspw-medium-8 wpspw-columns\">\r\n\t\t\t\t\t\t\t<div class=\"wpspw-post-categories\"><a href=\"https:\/\/abucaman.org\/?cat=16\">Entrevistas<\/a> <a href=\"https:\/\/abucaman.org\/?cat=17\">Eventos<\/a><\/div>\r\n\t\t\t\r\n\t\t\t<h2 class=\"wpspw-post-title\">\r\n\t\t\t\t<a href=\"https:\/\/abucaman.org\/?p=1414\">Entrevista a Abucaman RTVC-LaM<\/a>\r\n\t\t\t<\/h2>\r\n\r\n\t\t\t\t\t\t\t<div class=\"wpspw-post-date\">\r\n\t\t\t\t\t<span>By <a href=\"https:\/\/abucaman.org\/?author=1\">abucaman<\/a><\/span>&nbsp;\/&nbsp;23 marzo, 2017\t\t\t\t<\/div>\r\n\t\t\t\t\t\t\t<div class=\"wpspw-post-content\">\r\n\t\t\t\t\t<div>ManchaT, el programa de Responsabilidad Social Corporativa de Radiotelevisi\u00f3n de Castilla-La Mancha, presta su apoyo a la Asociaci\u00f3n de Familiares...<\/div>\r\n\t\t\t\t\t<a class=\"wpspw-readmorebtn\" href=\"https:\/\/abucaman.org\/?p=1414\">Read More<\/a>\r\n\t\t\t\t<\/div>\r\n\t\t\t\t\t<\/div>\r\n\r\n\t\t<div class=\"wpspw-post-image-bg\">\r\n\t\t\t\t\t\t\t<a href=\"https:\/\/abucaman.org\/?p=1414\">\r\n\t\t\t\t\t<img decoding=\"async\"  src=\"https:\/\/abucaman.org\/wp-content\/uploads\/2017\/03\/Concepci\u00f3n-Garc\u00eda.jpg\" alt=\"Entrevista a Abucaman RTVC-LaM\" \/>\r\n\t\t\t\t<\/a>\r\n\t\t\t\t\t<\/div>\r\n\t<\/div>\r\n<\/div><div class=\"wpspw-post-slides\">\r\n\t<div class=\"wpspw-post-content-position\">\r\n\t\t<div class=\"wpspw-post-content-left wpspw-medium-8 wpspw-columns\">\r\n\t\t\t\t\t\t\t<div class=\"wpspw-post-categories\"><a href=\"https:\/\/abucaman.org\/?cat=18\">Campa\u00f1as<\/a><\/div>\r\n\t\t\t\r\n\t\t\t<h2 class=\"wpspw-post-title\">\r\n\t\t\t\t<a href=\"https:\/\/abucaman.org\/?p=1401\">ManchaT<\/a>\r\n\t\t\t<\/h2>\r\n\r\n\t\t\t\t\t\t\t<div class=\"wpspw-post-date\">\r\n\t\t\t\t\t<span>By <a href=\"https:\/\/abucaman.org\/?author=1\">abucaman<\/a><\/span>&nbsp;\/&nbsp;30 octubre, 2016\t\t\t\t<\/div>\r\n\t\t\t\t\t\t\t<div class=\"wpspw-post-content\">\r\n\t\t\t\t\t<div>\ufeffManchaT, es un programa de Castilla la Mancha Media sobre Responsabilidad Social Corporativa. Este programa realiza campa\u00f1as de promoci\u00f3n y...<\/div>\r\n\t\t\t\t\t<a class=\"wpspw-readmorebtn\" href=\"https:\/\/abucaman.org\/?p=1401\">Read More<\/a>\r\n\t\t\t\t<\/div>\r\n\t\t\t\t\t<\/div>\r\n\r\n\t\t<div class=\"wpspw-post-image-bg\">\r\n\t\t\t\t\t\t\t<a href=\"https:\/\/abucaman.org\/?p=1401\">\r\n\t\t\t\t\t<img decoding=\"async\"  src=\"https:\/\/abucaman.org\/wp-content\/uploads\/2016\/10\/pedroche.jpg\" alt=\"ManchaT\" \/>\r\n\t\t\t\t<\/a>\r\n\t\t\t\t\t<\/div>\r\n\t<\/div>\r\n<\/div><div class=\"wpspw-post-slides\">\r\n\t<div class=\"wpspw-post-content-position\">\r\n\t\t<div class=\"wpspw-post-content-left wpspw-medium-8 wpspw-columns\">\r\n\t\t\t\t\t\t\t<div class=\"wpspw-post-categories\"><a href=\"https:\/\/abucaman.org\/?cat=18\">Campa\u00f1as<\/a><\/div>\r\n\t\t\t\r\n\t\t\t<h2 class=\"wpspw-post-title\">\r\n\t\t\t\t<a href=\"https:\/\/abucaman.org\/?p=1384\">Tras los pasos de Ana y M\u00eda<\/a>\r\n\t\t\t<\/h2>\r\n\r\n\t\t\t\t\t\t\t<div class=\"wpspw-post-date\">\r\n\t\t\t\t\t<span>By <a href=\"https:\/\/abucaman.org\/?author=1\">abucaman<\/a><\/span>&nbsp;\/&nbsp;10 septiembre, 2014\t\t\t\t<\/div>\r\n\t\t\t\t\t\t\t<div class=\"wpspw-post-content\">\r\n\t\t\t\t\t<div>Las webs que fomentan la anorexia son legales en Espa\u00f1a Se denominan webs 'Pro-Ana' y 'Pro-M\u00eda' y ofrecen consejos, dietas...<\/div>\r\n\t\t\t\t\t<a class=\"wpspw-readmorebtn\" href=\"https:\/\/abucaman.org\/?p=1384\">Read More<\/a>\r\n\t\t\t\t<\/div>\r\n\t\t\t\t\t<\/div>\r\n\r\n\t\t<div class=\"wpspw-post-image-bg\">\r\n\t\t\t\t\t\t\t<a href=\"https:\/\/abucaman.org\/?p=1384\">\r\n\t\t\t\t\t<img decoding=\"async\"  src=\"https:\/\/abucaman.org\/wp-content\/uploads\/2014\/09\/anamia.jpg\" alt=\"Tras los pasos de Ana y M\u00eda\" \/>\r\n\t\t\t\t<\/a>\r\n\t\t\t\t\t<\/div>\r\n\t<\/div>\r\n<\/div><div class=\"wpspw-post-slides\">\r\n\t<div class=\"wpspw-post-content-position\">\r\n\t\t<div class=\"wpspw-post-content-left wpspw-medium-8 wpspw-columns\">\r\n\t\t\t\t\t\t\t<div class=\"wpspw-post-categories\"><a href=\"https:\/\/abucaman.org\/?cat=1\">ACTUALIDAD<\/a><\/div>\r\n\t\t\t\r\n\t\t\t<h2 class=\"wpspw-post-title\">\r\n\t\t\t\t<a href=\"https:\/\/abucaman.org\/?p=1356\">Festival ben\u00e9fico de M\u00fasica y Danza<\/a>\r\n\t\t\t<\/h2>\r\n\r\n\t\t\t\t\t\t\t<div class=\"wpspw-post-date\">\r\n\t\t\t\t\t<span>By <a href=\"https:\/\/abucaman.org\/?author=1\">abucaman<\/a><\/span>&nbsp;\/&nbsp;27 junio, 2014\t\t\t\t<\/div>\r\n\t\t\t\t\t\t\t<div class=\"wpspw-post-content\">\r\n\t\t\t\t\t<div>El pasado 25 de Junio \u00a0la escuela de m\u00fasica y danza MEREVEL de Toledo ha colaborado por segundo a\u00f1o consecutivo...<\/div>\r\n\t\t\t\t\t<a class=\"wpspw-readmorebtn\" href=\"https:\/\/abucaman.org\/?p=1356\">Read More<\/a>\r\n\t\t\t\t<\/div>\r\n\t\t\t\t\t<\/div>\r\n\r\n\t\t<div class=\"wpspw-post-image-bg\">\r\n\t\t\t\t\t\t\t<a href=\"https:\/\/abucaman.org\/?p=1356\">\r\n\t\t\t\t\t<img decoding=\"async\"  src=\"https:\/\/abucaman.org\/wp-content\/uploads\/2014\/06\/DSC_0714.jpg\" alt=\"Festival ben\u00e9fico de M\u00fasica y Danza\" \/>\r\n\t\t\t\t<\/a>\r\n\t\t\t\t\t<\/div>\r\n\t<\/div>\r\n<\/div><div class=\"wpspw-post-slides\">\r\n\t<div class=\"wpspw-post-content-position\">\r\n\t\t<div class=\"wpspw-post-content-left wpspw-medium-8 wpspw-columns\">\r\n\t\t\t\t\t\t\t<div class=\"wpspw-post-categories\"><a href=\"https:\/\/abucaman.org\/?cat=1\">ACTUALIDAD<\/a><\/div>\r\n\t\t\t\r\n\t\t\t<h2 class=\"wpspw-post-title\">\r\n\t\t\t\t<a href=\"https:\/\/abucaman.org\/?p=1249\">Grupo de Terapia para familiares de afectados<\/a>\r\n\t\t\t<\/h2>\r\n\r\n\t\t\t\t\t\t\t<div class=\"wpspw-post-date\">\r\n\t\t\t\t\t<span>By <a href=\"https:\/\/abucaman.org\/?author=1\">abucaman<\/a><\/span>&nbsp;\/&nbsp;30 marzo, 2014\t\t\t\t<\/div>\r\n\t\t\t\t\t\t\t<div class=\"wpspw-post-content\">\r\n\t\t\t\t\t<div>ABUCAMAN,\u00a0 organiza como medida de ayuda a los padres o familiares de afectados por alg\u00fan trastornos de la conducta alimentaria...<\/div>\r\n\t\t\t\t\t<a class=\"wpspw-readmorebtn\" href=\"https:\/\/abucaman.org\/?p=1249\">Read More<\/a>\r\n\t\t\t\t<\/div>\r\n\t\t\t\t\t<\/div>\r\n\r\n\t\t<div class=\"wpspw-post-image-bg\">\r\n\t\t\t\t\t\t\t<a href=\"https:\/\/abucaman.org\/?p=1249\">\r\n\t\t\t\t\t<img decoding=\"async\"  src=\"https:\/\/abucaman.org\/wp-content\/uploads\/2014\/02\/terapia_de_grupo.jpg\" alt=\"Grupo de Terapia para familiares de afectados\" \/>\r\n\t\t\t\t<\/a>\r\n\t\t\t\t\t<\/div>\r\n\t<\/div>\r\n<\/div><div class=\"wpspw-post-slides\">\r\n\t<div class=\"wpspw-post-content-position\">\r\n\t\t<div class=\"wpspw-post-content-left wpspw-medium-8 wpspw-columns\">\r\n\t\t\t\t\t\t\t<div class=\"wpspw-post-categories\"><a href=\"https:\/\/abucaman.org\/?cat=20\">Carlas<\/a><\/div>\r\n\t\t\t\r\n\t\t\t<h2 class=\"wpspw-post-title\">\r\n\t\t\t\t<a href=\"https:\/\/abucaman.org\/?p=1125\">Charla informativa sobre los T.C.A en el A.M.P.A \u00abGUIOMAR\u00bb<\/a>\r\n\t\t\t<\/h2>\r\n\r\n\t\t\t\t\t\t\t<div class=\"wpspw-post-date\">\r\n\t\t\t\t\t<span>By <a href=\"https:\/\/abucaman.org\/?author=1\">abucaman<\/a><\/span>&nbsp;\/&nbsp;12 marzo, 2014\t\t\t\t<\/div>\r\n\t\t\t\t\t\t\t<div class=\"wpspw-post-content\">\r\n\t\t\t\t\t<div>Abucaman\u00a0di\u00f3 una charla informativa-preventiva para reducir los factores de riesgo que pueden producir un trastorno de la conducta alimentaria. \u00a0Ver...<\/div>\r\n\t\t\t\t\t<a class=\"wpspw-readmorebtn\" href=\"https:\/\/abucaman.org\/?p=1125\">Read More<\/a>\r\n\t\t\t\t<\/div>\r\n\t\t\t\t\t<\/div>\r\n\r\n\t\t<div class=\"wpspw-post-image-bg\">\r\n\t\t\t\t\t\t\t<a href=\"https:\/\/abucaman.org\/?p=1125\">\r\n\t\t\t\t\t<img decoding=\"async\"  src=\"https:\/\/abucaman.org\/wp-content\/uploads\/2014\/03\/charla.jpg\" alt=\"Charla informativa sobre los T.C.A en el A.M.P.A \u00abGUIOMAR\u00bb\" \/>\r\n\t\t\t\t<\/a>\r\n\t\t\t\t\t<\/div>\r\n\t<\/div>\r\n<\/div><div class=\"wpspw-post-slides\">\r\n\t<div class=\"wpspw-post-content-position\">\r\n\t\t<div class=\"wpspw-post-content-left wpspw-medium-8 wpspw-columns\">\r\n\t\t\t\t\t\t\t<div class=\"wpspw-post-categories\"><a href=\"https:\/\/abucaman.org\/?cat=1\">ACTUALIDAD<\/a><\/div>\r\n\t\t\t\r\n\t\t\t<h2 class=\"wpspw-post-title\">\r\n\t\t\t\t<a href=\"https:\/\/abucaman.org\/?p=1110\">Programa de prevenci\u00f3n del los T.C.A en Campo de Criptana<\/a>\r\n\t\t\t<\/h2>\r\n\r\n\t\t\t\t\t\t\t<div class=\"wpspw-post-date\">\r\n\t\t\t\t\t<span>By <a href=\"https:\/\/abucaman.org\/?author=1\">abucaman<\/a><\/span>&nbsp;\/&nbsp;12 marzo, 2014\t\t\t\t<\/div>\r\n\t\t\t\t\t\t\t<div class=\"wpspw-post-content\">\r\n\t\t\t\t\t<div>ABUCAMAN dentro de su programa \"Se tu mismo\" de prevenci\u00f3n de los trastornos de la conducta alimentaria ofreci\u00f3 una charla...<\/div>\r\n\t\t\t\t\t<a class=\"wpspw-readmorebtn\" href=\"https:\/\/abucaman.org\/?p=1110\">Read More<\/a>\r\n\t\t\t\t<\/div>\r\n\t\t\t\t\t<\/div>\r\n\r\n\t\t<div class=\"wpspw-post-image-bg\">\r\n\t\t\t\t\t\t\t<a href=\"https:\/\/abucaman.org\/?p=1110\">\r\n\t\t\t\t\t<img decoding=\"async\"  src=\"https:\/\/abucaman.org\/wp-content\/uploads\/2014\/03\/poster_tal_como_eresthumb2.jpg\" alt=\"Programa de prevenci\u00f3n del los T.C.A en Campo de Criptana\" \/>\r\n\t\t\t\t<\/a>\r\n\t\t\t\t\t<\/div>\r\n\t<\/div>\r\n<\/div><div class=\"wpspw-post-slides\">\r\n\t<div class=\"wpspw-post-content-position\">\r\n\t\t<div class=\"wpspw-post-content-left wpspw-medium-8 wpspw-columns\">\r\n\t\t\t\t\t\t\t<div class=\"wpspw-post-categories\"><a href=\"https:\/\/abucaman.org\/?cat=1\">ACTUALIDAD<\/a><\/div>\r\n\t\t\t\r\n\t\t\t<h2 class=\"wpspw-post-title\">\r\n\t\t\t\t<a href=\"https:\/\/abucaman.org\/?p=1098\">La Diputaci\u00f3n Provincial de Toledo colabora con Abucaman<\/a>\r\n\t\t\t<\/h2>\r\n\r\n\t\t\t\t\t\t\t<div class=\"wpspw-post-date\">\r\n\t\t\t\t\t<span>By <a href=\"https:\/\/abucaman.org\/?author=1\">abucaman<\/a><\/span>&nbsp;\/&nbsp;12 marzo, 2014\t\t\t\t<\/div>\r\n\t\t\t\t\t\t\t<div class=\"wpspw-post-content\">\r\n\t\t\t\t\t<div>Diputaci\u00f3n colabora con Abucaman en su programa \"S\u00e9 T\u00fa Mismo\" latribunadetoledo.es - lunes, 25 de noviembre de 2013 El presidente...<\/div>\r\n\t\t\t\t\t<a class=\"wpspw-readmorebtn\" href=\"https:\/\/abucaman.org\/?p=1098\">Read More<\/a>\r\n\t\t\t\t<\/div>\r\n\t\t\t\t\t<\/div>\r\n\r\n\t\t<div class=\"wpspw-post-image-bg\">\r\n\t\t\t\t\t<\/div>\r\n\t<\/div>\r\n<\/div><div class=\"wpspw-post-slides\">\r\n\t<div class=\"wpspw-post-content-position\">\r\n\t\t<div class=\"wpspw-post-content-left wpspw-medium-8 wpspw-columns\">\r\n\t\t\t\t\t\t\t<div class=\"wpspw-post-categories\"><a href=\"https:\/\/abucaman.org\/?cat=1\">ACTUALIDAD<\/a><\/div>\r\n\t\t\t\r\n\t\t\t<h2 class=\"wpspw-post-title\">\r\n\t\t\t\t<a href=\"https:\/\/abucaman.org\/?p=1094\">La JCCM lanza el programa \u00abTal como eres\u00bb<\/a>\r\n\t\t\t<\/h2>\r\n\r\n\t\t\t\t\t\t\t<div class=\"wpspw-post-date\">\r\n\t\t\t\t\t<span>By <a href=\"https:\/\/abucaman.org\/?author=1\">abucaman<\/a><\/span>&nbsp;\/&nbsp;12 marzo, 2014\t\t\t\t<\/div>\r\n\t\t\t\t\t\t\t<div class=\"wpspw-post-content\">\r\n\t\t\t\t\t<div>TAL COMO ERES es un programa de educaci\u00f3n para la salud destinado a la prevenci\u00f3n primaria de los trastornos de...<\/div>\r\n\t\t\t\t\t<a class=\"wpspw-readmorebtn\" href=\"https:\/\/abucaman.org\/?p=1094\">Read More<\/a>\r\n\t\t\t\t<\/div>\r\n\t\t\t\t\t<\/div>\r\n\r\n\t\t<div class=\"wpspw-post-image-bg\">\r\n\t\t\t\t\t<\/div>\r\n\t<\/div>\r\n<\/div><div class=\"wpspw-post-slides\">\r\n\t<div class=\"wpspw-post-content-position\">\r\n\t\t<div class=\"wpspw-post-content-left wpspw-medium-8 wpspw-columns\">\r\n\t\t\t\t\t\t\t<div class=\"wpspw-post-categories\"><a href=\"https:\/\/abucaman.org\/?cat=1\">ACTUALIDAD<\/a><\/div>\r\n\t\t\t\r\n\t\t\t<h2 class=\"wpspw-post-title\">\r\n\t\t\t\t<a href=\"https:\/\/abucaman.org\/?p=1089\">Entrevista al Dr. D. Lu\u00eds Beato<\/a>\r\n\t\t\t<\/h2>\r\n\r\n\t\t\t\t\t\t\t<div class=\"wpspw-post-date\">\r\n\t\t\t\t\t<span>By <a href=\"https:\/\/abucaman.org\/?author=1\">abucaman<\/a><\/span>&nbsp;\/&nbsp;12 marzo, 2014\t\t\t\t<\/div>\r\n\t\t\t\t\t\t\t<div class=\"wpspw-post-content\">\r\n\t\t\t\t\t<div>&nbsp; El peri\u00f3dico \"El Mundo\" entrevista al Dr D. Luis Beato. El Dr. D. Lu\u00eds Beato, es actualmente el\u00a0 Jefe...<\/div>\r\n\t\t\t\t\t<a class=\"wpspw-readmorebtn\" href=\"https:\/\/abucaman.org\/?p=1089\">Read More<\/a>\r\n\t\t\t\t<\/div>\r\n\t\t\t\t\t<\/div>\r\n\r\n\t\t<div class=\"wpspw-post-image-bg\">\r\n\t\t\t\t\t<\/div>\r\n\t<\/div>\r\n<\/div><div class=\"wpspw-post-slides\">\r\n\t<div class=\"wpspw-post-content-position\">\r\n\t\t<div class=\"wpspw-post-content-left wpspw-medium-8 wpspw-columns\">\r\n\t\t\t\t\t\t\t<div class=\"wpspw-post-categories\"><a href=\"https:\/\/abucaman.org\/?cat=1\">ACTUALIDAD<\/a><\/div>\r\n\t\t\t\r\n\t\t\t<h2 class=\"wpspw-post-title\">\r\n\t\t\t\t<a href=\"https:\/\/abucaman.org\/?p=1079\">Cuando el \u00abqu\u00e9 me pongo\u00bb se vuelve patol\u00f3gico<\/a>\r\n\t\t\t<\/h2>\r\n\r\n\t\t\t\t\t\t\t<div class=\"wpspw-post-date\">\r\n\t\t\t\t\t<span>By <a href=\"https:\/\/abucaman.org\/?author=1\">abucaman<\/a><\/span>&nbsp;\/&nbsp;12 marzo, 2014\t\t\t\t<\/div>\r\n\t\t\t\t\t\t\t<div class=\"wpspw-post-content\">\r\n\t\t\t\t\t<div>Trastornos de la alimentaci\u00f3n: cuando el \"qu\u00e9 me pongo\" se vuelve patol\u00f3gico Ra\u00fal Bustamante \u00a0 Im\u00e1genes de la campa\u00f1a sueca...<\/div>\r\n\t\t\t\t\t<a class=\"wpspw-readmorebtn\" href=\"https:\/\/abucaman.org\/?p=1079\">Read More<\/a>\r\n\t\t\t\t<\/div>\r\n\t\t\t\t\t<\/div>\r\n\r\n\t\t<div class=\"wpspw-post-image-bg\">\r\n\t\t\t\t\t<\/div>\r\n\t<\/div>\r\n<\/div><div class=\"wpspw-post-slides\">\r\n\t<div class=\"wpspw-post-content-position\">\r\n\t\t<div class=\"wpspw-post-content-left wpspw-medium-8 wpspw-columns\">\r\n\t\t\t\t\t\t\t<div class=\"wpspw-post-categories\"><a href=\"https:\/\/abucaman.org\/?cat=1\">ACTUALIDAD<\/a><\/div>\r\n\t\t\t\r\n\t\t\t<h2 class=\"wpspw-post-title\">\r\n\t\t\t\t<a href=\"https:\/\/abucaman.org\/?p=1076\">La anorexia podr\u00eda ser heredable y estar asociada a la conducta neur\u00f3tica<\/a>\r\n\t\t\t<\/h2>\r\n\r\n\t\t\t\t\t\t\t<div class=\"wpspw-post-date\">\r\n\t\t\t\t\t<span>By <a href=\"https:\/\/abucaman.org\/?author=1\">abucaman<\/a><\/span>&nbsp;\/&nbsp;12 marzo, 2014\t\t\t\t<\/div>\r\n\t\t\t\t\t\t\t<div class=\"wpspw-post-content\">\r\n\t\t\t\t\t<div>La anorexia podr\u00eda ser heredable y estar asociada a la conducta neur\u00f3tica Madrid.- La anorexia nerviosa podr\u00eda ser un trastorno...<\/div>\r\n\t\t\t\t\t<a class=\"wpspw-readmorebtn\" href=\"https:\/\/abucaman.org\/?p=1076\">Read More<\/a>\r\n\t\t\t\t<\/div>\r\n\t\t\t\t\t<\/div>\r\n\r\n\t\t<div class=\"wpspw-post-image-bg\">\r\n\t\t\t\t\t<\/div>\r\n\t<\/div>\r\n<\/div><div class=\"wpspw-post-slides\">\r\n\t<div class=\"wpspw-post-content-position\">\r\n\t\t<div class=\"wpspw-post-content-left wpspw-medium-8 wpspw-columns\">\r\n\t\t\t\t\t\t\t<div class=\"wpspw-post-categories\"><a href=\"https:\/\/abucaman.org\/?cat=1\">ACTUALIDAD<\/a><\/div>\r\n\t\t\t\r\n\t\t\t<h2 class=\"wpspw-post-title\">\r\n\t\t\t\t<a href=\"https:\/\/abucaman.org\/?p=1073\">De nuevo el fantasma de la anorexia<\/a>\r\n\t\t\t<\/h2>\r\n\r\n\t\t\t\t\t\t\t<div class=\"wpspw-post-date\">\r\n\t\t\t\t\t<span>By <a href=\"https:\/\/abucaman.org\/?author=1\">abucaman<\/a><\/span>&nbsp;\/&nbsp;12 marzo, 2014\t\t\t\t<\/div>\r\n\t\t\t\t\t\t\t<div class=\"wpspw-post-content\">\r\n\t\t\t\t\t<div>De nuevo el fantasma de la anorexia El fantasma de la anorexia sobrevuela otra vez la 45\u00aa edici\u00f3n de Cibeles....<\/div>\r\n\t\t\t\t\t<a class=\"wpspw-readmorebtn\" href=\"https:\/\/abucaman.org\/?p=1073\">Read More<\/a>\r\n\t\t\t\t<\/div>\r\n\t\t\t\t\t<\/div>\r\n\r\n\t\t<div class=\"wpspw-post-image-bg\">\r\n\t\t\t\t\t<\/div>\r\n\t<\/div>\r\n<\/div><div class=\"wpspw-post-slides\">\r\n\t<div class=\"wpspw-post-content-position\">\r\n\t\t<div class=\"wpspw-post-content-left wpspw-medium-8 wpspw-columns\">\r\n\t\t\t\t\t\t\t<div class=\"wpspw-post-categories\"><a href=\"https:\/\/abucaman.org\/?cat=1\">ACTUALIDAD<\/a><\/div>\r\n\t\t\t\r\n\t\t\t<h2 class=\"wpspw-post-title\">\r\n\t\t\t\t<a href=\"https:\/\/abucaman.org\/?p=1057\">Video Explicativo sobre los T.C.A<\/a>\r\n\t\t\t<\/h2>\r\n\r\n\t\t\t\t\t\t\t<div class=\"wpspw-post-date\">\r\n\t\t\t\t\t<span>By <a href=\"https:\/\/abucaman.org\/?author=1\">abucaman<\/a><\/span>&nbsp;\/&nbsp;5 marzo, 2014\t\t\t\t<\/div>\r\n\t\t\t\t\t\t\t<div class=\"wpspw-post-content\">\r\n\t\t\t\t\t<div>Video sobre los Trastornos de la Conducta Alimentaria: Casos de Anorexia Fuente: Dailymotion<\/div>\r\n\t\t\t\t\t<a class=\"wpspw-readmorebtn\" href=\"https:\/\/abucaman.org\/?p=1057\">Read More<\/a>\r\n\t\t\t\t<\/div>\r\n\t\t\t\t\t<\/div>\r\n\r\n\t\t<div class=\"wpspw-post-image-bg\">\r\n\t\t\t\t\t<\/div>\r\n\t<\/div>\r\n<\/div>\t\t<\/div>\r\n\t\t<div class=\"wpspw-slider-conf\">{&quot;slides_column&quot;:1,&quot;slides_scroll&quot;:1,&quot;dots&quot;:&quot;true&quot;,&quot;arrows&quot;:&quot;true&quot;,&quot;autoplay&quot;:&quot;true&quot;,&quot;autoplay_interval&quot;:2000,&quot;speed&quot;:300,&quot;lazyload&quot;:&quot;&quot;}<\/div>\r\n\t<\/div>\r\n\r\n\n","protected":false},"excerpt":{"rendered":"","protected":false},"author":1,"featured_media":0,"parent":0,"menu_order":0,"comment_status":"closed","ping_status":"closed","template":"","meta":{"footnotes":""},"class_list":["post-1453","page","type-page","status-publish","hentry","wpautop"],"yoast_head":"<!-- This site is optimized with the Yoast SEO plugin v21.5 - https:\/\/yoast.com\/wordpress\/plugins\/seo\/ -->\n<title>Actualidad - Siempre cerca de ti...<\/title>\n<meta name=\"robots\" content=\"index, follow, max-snippet:-1, max-image-preview:large, max-video-preview:-1\" \/>\n<link rel=\"canonical\" href=\"https:\/\/abucaman.org\/\" \/>\n<meta property=\"og:locale\" content=\"es_ES\" \/>\n<meta property=\"og:type\" content=\"article\" \/>\n<meta property=\"og:title\" content=\"Actualidad - Siempre cerca de ti...\" \/>\n<meta property=\"og:url\" content=\"https:\/\/abucaman.org\/\" \/>\n<meta property=\"og:site_name\" content=\"Siempre cerca de ti...\" \/>\n<meta property=\"article:modified_time\" content=\"2018-12-02T23:35:30+00:00\" \/>\n<meta name=\"twitter:card\" content=\"summary_large_image\" \/>\n<script type=\"application\/ld+json\" class=\"yoast-schema-graph\">{\"@context\":\"https:\/\/schema.org\",\"@graph\":[{\"@type\":\"WebPage\",\"@id\":\"https:\/\/abucaman.org\/\",\"url\":\"https:\/\/abucaman.org\/\",\"name\":\"Actualidad - Siempre cerca de ti...\",\"isPartOf\":{\"@id\":\"https:\/\/abucaman.org\/#website\"},\"datePublished\":\"2018-11-25T21:39:19+00:00\",\"dateModified\":\"2018-12-02T23:35:30+00:00\",\"breadcrumb\":{\"@id\":\"https:\/\/abucaman.org\/#breadcrumb\"},\"inLanguage\":\"es\",\"potentialAction\":[{\"@type\":\"ReadAction\",\"target\":[\"https:\/\/abucaman.org\/\"]}]},{\"@type\":\"BreadcrumbList\",\"@id\":\"https:\/\/abucaman.org\/#breadcrumb\",\"itemListElement\":[{\"@type\":\"ListItem\",\"position\":1,\"name\":\"Portada\",\"item\":\"https:\/\/abucaman.org\/\"},{\"@type\":\"ListItem\",\"position\":2,\"name\":\"Actualidad\"}]},{\"@type\":\"WebSite\",\"@id\":\"https:\/\/abucaman.org\/#website\",\"url\":\"https:\/\/abucaman.org\/\",\"name\":\"Abucaman\",\"description\":\"\",\"publisher\":{\"@id\":\"https:\/\/abucaman.org\/#organization\"},\"potentialAction\":[{\"@type\":\"SearchAction\",\"target\":{\"@type\":\"EntryPoint\",\"urlTemplate\":\"https:\/\/abucaman.org\/?s={search_term_string}\"},\"query-input\":\"required name=search_term_string\"}],\"inLanguage\":\"es\"},{\"@type\":\"Organization\",\"@id\":\"https:\/\/abucaman.org\/#organization\",\"name\":\"abucaman\",\"url\":\"https:\/\/abucaman.org\/\",\"logo\":{\"@type\":\"ImageObject\",\"inLanguage\":\"es\",\"@id\":\"https:\/\/abucaman.org\/#\/schema\/logo\/image\/\",\"url\":\"https:\/\/abucaman.org\/wp-content\/uploads\/2014\/03\/Logo-abucaman-2-png.png\",\"contentUrl\":\"https:\/\/abucaman.org\/wp-content\/uploads\/2014\/03\/Logo-abucaman-2-png.png\",\"width\":560,\"height\":420,\"caption\":\"abucaman\"},\"image\":{\"@id\":\"https:\/\/abucaman.org\/#\/schema\/logo\/image\/\"}}]}<\/script>\n<!-- \/ Yoast SEO plugin. -->","yoast_head_json":{"title":"Actualidad - Siempre cerca de ti...","robots":{"index":"index","follow":"follow","max-snippet":"max-snippet:-1","max-image-preview":"max-image-preview:large","max-video-preview":"max-video-preview:-1"},"canonical":"https:\/\/abucaman.org\/","og_locale":"es_ES","og_type":"article","og_title":"Actualidad - Siempre cerca de ti...","og_url":"https:\/\/abucaman.org\/","og_site_name":"Siempre cerca de ti...","article_modified_time":"2018-12-02T23:35:30+00:00","twitter_card":"summary_large_image","schema":{"@context":"https:\/\/schema.org","@graph":[{"@type":"WebPage","@id":"https:\/\/abucaman.org\/","url":"https:\/\/abucaman.org\/","name":"Actualidad - Siempre cerca de ti...","isPartOf":{"@id":"https:\/\/abucaman.org\/#website"},"datePublished":"2018-11-25T21:39:19+00:00","dateModified":"2018-12-02T23:35:30+00:00","breadcrumb":{"@id":"https:\/\/abucaman.org\/#breadcrumb"},"inLanguage":"es","potentialAction":[{"@type":"ReadAction","target":["https:\/\/abucaman.org\/"]}]},{"@type":"BreadcrumbList","@id":"https:\/\/abucaman.org\/#breadcrumb","itemListElement":[{"@type":"ListItem","position":1,"name":"Portada","item":"https:\/\/abucaman.org\/"},{"@type":"ListItem","position":2,"name":"Actualidad"}]},{"@type":"WebSite","@id":"https:\/\/abucaman.org\/#website","url":"https:\/\/abucaman.org\/","name":"Abucaman","description":"","publisher":{"@id":"https:\/\/abucaman.org\/#organization"},"potentialAction":[{"@type":"SearchAction","target":{"@type":"EntryPoint","urlTemplate":"https:\/\/abucaman.org\/?s={search_term_string}"},"query-input":"required name=search_term_string"}],"inLanguage":"es"},{"@type":"Organization","@id":"https:\/\/abucaman.org\/#organization","name":"abucaman","url":"https:\/\/abucaman.org\/","logo":{"@type":"ImageObject","inLanguage":"es","@id":"https:\/\/abucaman.org\/#\/schema\/logo\/image\/","url":"https:\/\/abucaman.org\/wp-content\/uploads\/2014\/03\/Logo-abucaman-2-png.png","contentUrl":"https:\/\/abucaman.org\/wp-content\/uploads\/2014\/03\/Logo-abucaman-2-png.png","width":560,"height":420,"caption":"abucaman"},"image":{"@id":"https:\/\/abucaman.org\/#\/schema\/logo\/image\/"}}]}},"_links":{"self":[{"href":"https:\/\/abucaman.org\/index.php?rest_route=\/wp\/v2\/pages\/1453","targetHints":{"allow":["GET"]}}],"collection":[{"href":"https:\/\/abucaman.org\/index.php?rest_route=\/wp\/v2\/pages"}],"about":[{"href":"https:\/\/abucaman.org\/index.php?rest_route=\/wp\/v2\/types\/page"}],"author":[{"embeddable":true,"href":"https:\/\/abucaman.org\/index.php?rest_route=\/wp\/v2\/users\/1"}],"replies":[{"embeddable":true,"href":"https:\/\/abucaman.org\/index.php?rest_route=%2Fwp%2Fv2%2Fcomments&post=1453"}],"version-history":[{"count":2,"href":"https:\/\/abucaman.org\/index.php?rest_route=\/wp\/v2\/pages\/1453\/revisions"}],"predecessor-version":[{"id":1519,"href":"https:\/\/abucaman.org\/index.php?rest_route=\/wp\/v2\/pages\/1453\/revisions\/1519"}],"wp:attachment":[{"href":"https:\/\/abucaman.org\/index.php?rest_route=%2Fwp%2Fv2%2Fmedia&parent=1453"}],"curies":[{"name":"wp","href":"https:\/\/api.w.org\/{rel}","templated":true}]}}